{"id":829,"date":"2021-04-20T10:44:14","date_gmt":"2021-04-20T10:44:14","guid":{"rendered":"https:\/\/www.cds-soft.es\/web\/?page_id=829"},"modified":"2022-07-07T09:29:06","modified_gmt":"2022-07-07T09:29:06","slug":"portal-del-empleado","status":"publish","type":"page","link":"https:\/\/www.cds-soft.es\/web\/software-para-pymes-en-cantabria\/portal-del-empleado\/","title":{"rendered":"Portal del empleado"},"content":{"rendered":"<div id='av_section_1'  class='avia-section main_color avia-section-no-padding avia-no-border-styling  avia-full-stretch avia-bg-style-scroll  avia-builder-el-0  el_before_av_section  avia-builder-el-first   av-minimum-height av-minimum-height-custom  container_wrap sidebar_right' style='background-repeat: no-repeat; background-image: url(https:\/\/www.cds-soft.es\/web\/wp-content\/uploads\/2021\/04\/13portal-del-empleado1-scaled.jpg);background-attachment: scroll; background-position: top left;  margin-top:0px; margin-bottom:0px; '  data-section-bg-repeat='stretch'><div class='av-section-color-overlay-wrap'><a href='#next-section' title='' class='scroll-down-link '  aria-hidden='true' data-av_icon='\ue877' data-av_iconfont='entypo-fontello'><\/a><div class='container' style='height:467px'><main  role=\"main\" itemprop=\"mainContentOfPage\"  class='template-page content  av-content-small alpha units'><div class='post-entry post-entry-type-page post-entry-829'><div class='entry-content-wrapper clearfix'>\n<div class=\"flex_column av_one_half  flex_column_div first  avia-builder-el-1  avia-builder-el-no-sibling  \" style='background: rgba(2,2,2,0.01); padding:20px; background-color:rgba(2,2,2,0.01); border-radius:0px; '><div  style='padding-bottom:10px; color:#ffffff;font-size:45px;' class='av-special-heading av-special-heading-h1 custom-color-heading blockquote modern-quote  avia-builder-el-2  avia-builder-el-no-sibling  av-thin-font av-inherit-size '><h1 class='av-special-heading-tag '  itemprop=\"headline\"  ><strong><span style=\"color: #1ad7f2;\">Sebastian, el Portal del Empleado<\/span><\/strong> <\/h1><div class ='av-subheading av-subheading_below av_custom_color ' style='font-size:20px;'><p>Tu Software de Gesti\u00f3n de Recursos Humanos y Comunicaci\u00f3n Interna<\/p>\n<\/div><div class='special-heading-border'><div class='special-heading-inner-border' style='border-color:#ffffff'><\/div><\/div><\/div><\/div>\n\n<\/div><\/div><\/main><!-- close content main element --><\/div><\/div><\/div><div id='av_section_2'  class='avia-section main_color avia-section-no-padding avia-no-border-styling  avia-bg-style-scroll  avia-builder-el-3  el_after_av_section  el_before_av_section   container_wrap sidebar_right' style=' margin-top:0px; margin-bottom:0px; '  ><div class='container' ><div class='template-page content  av-content-small alpha units'><div class='post-entry post-entry-type-page post-entry-829'><div class='entry-content-wrapper clearfix'>\n<div  style=' margin-top:70px; margin-bottom:70px;'  class='hr hr-custom hr-center hr-icon-no   avia-builder-el-4  el_before_av_image  avia-builder-el-first '><span class='hr-inner  inner-border-av-border-fat' style=' width:50px; border-color:#000000;' ><span class='hr-inner-style'><\/span><\/span><\/div>\n<div  class='avia-image-container  av-styling-    avia-builder-el-5  el_after_av_hr  el_before_av_hr  avia-align-center '  itemprop=\"image\" itemscope=\"itemscope\" itemtype=\"https:\/\/schema.org\/ImageObject\"  ><div class='avia-image-container-inner'><div class='avia-image-overlay-wrap'><img decoding=\"async\" class='wp-image-841 avia-img-lazy-loading-not-841 avia_image' src=\"https:\/\/www.cds-soft.es\/web\/wp-content\/uploads\/2021\/04\/emplogo.png\" alt='' title='emplogo' height=\"168\" width=\"651\"  itemprop=\"thumbnailUrl\" srcset=\"https:\/\/www.cds-soft.es\/web\/wp-content\/uploads\/2021\/04\/emplogo.png 651w, https:\/\/www.cds-soft.es\/web\/wp-content\/uploads\/2021\/04\/emplogo-300x77.png 300w\" sizes=\"(max-width: 651px) 100vw, 651px\" \/><\/div><\/div><\/div>\n<div  style=' margin-top:70px; margin-bottom:70px;'  class='hr hr-custom hr-center hr-icon-no   avia-builder-el-6  el_after_av_image  el_before_av_textblock '><span class='hr-inner  inner-border-av-border-fat' style=' width:50px; border-color:#000000;' ><span class='hr-inner-style'><\/span><\/span><\/div>\n<section class=\"av_textblock_section \"  itemscope=\"itemscope\" itemtype=\"https:\/\/schema.org\/CreativeWork\" ><div class='avia_textblock  '   itemprop=\"text\" ><h1 style=\"text-align: center;\"><span style=\"font-size: 36pt;\"><strong>La herramienta perfecta para crear una comunicaci\u00f3n eficiente<\/strong><\/span><\/h1>\n<\/div><\/section>\n<div class=\"flex_column av_one_full  flex_column_div first  avia-builder-el-8  el_after_av_textblock  el_before_av_hr  column-top-margin\" ><p><section class=\"av_textblock_section \"  itemscope=\"itemscope\" itemtype=\"https:\/\/schema.org\/CreativeWork\" ><div class='avia_textblock  '   itemprop=\"text\" ><p><span style=\"font-size: 14pt;\"><strong><span style=\"color: #1ad7f2;\">Sebastian <\/span><\/strong><strong>es un portal del empleado<\/strong> que permite gestionar toda la informaci\u00f3n relativa a los recursos internos de la empresa <strong>favoreciendo, as\u00ed, la comunicaci\u00f3n entre el empleado y la organizaci\u00f3n.\u00a0<\/strong><\/span><\/p>\n<p><span style=\"font-size: 14pt;\"><strong>Es la herramienta perfecta<\/strong> para crear una <strong>comunicaci\u00f3n eficiente<\/strong> y continua donde <strong>la informaci\u00f3n fluye de manera \u00e1gil<\/strong> y se alimenta peri\u00f3dicamente por todos los componentes de tu empresa.<\/span><\/p>\n<p><span style=\"font-size: 14pt;\">Gracias al dise\u00f1o intuitivo de<\/span><span style=\"font-size: 14pt;\"><span style=\"font-size: 14pt;\"><strong><span style=\"color: #1ad7f2;\"> Sebastian<\/span><\/strong><\/span> resulta muy sencillo utilizarlo y ponerlo en marcha en toda la organizaci\u00f3n. Adem\u00e1s, <strong>es 100% personalizable<\/strong>\u00a0adapt\u00e1ndose a la imagen corporativa de la empresa.<\/span> <span style=\"font-size: 14pt;\">\u00a0<\/span><\/p>\n<\/div><\/section><br \/>\n<div  class='avia-video avia-video-16-9   av-lazyload-immediate  av-lazyload-video-embed  '   itemprop=\"video\" itemtype=\"https:\/\/schema.org\/VideoObject\"  data-original_url='https:\/\/www.youtube.com\/watch?v=bbsznOXhnuA' ><script type='text\/html' class='av-video-tmpl'><div class='avia-iframe-wrap'><iframe loading=\"lazy\" title=\"SEBASTIAN (Portal del empleado)\" width=\"1500\" height=\"844\" src=\"https:\/\/www.youtube.com\/embed\/bbsznOXhnuA?feature=oembed&autoplay=0&loop=0&controls=1&mute=0\" frameborder=\"0\" allow=\"accelerometer; autoplay; clipboard-write; encrypted-media; gyroscope; picture-in-picture\" allowfullscreen><\/iframe><\/div><\/script><div class='av-click-to-play-overlay'><div class=\"avia_playpause_icon\"><\/div><\/div><\/div><\/p><\/div><div  style=' margin-top:70px; margin-bottom:70px;'  class='hr hr-custom hr-center hr-icon-no   avia-builder-el-11  el_after_av_one_full  el_before_av_textblock '><span class='hr-inner  inner-border-av-border-fat' style=' width:50px; border-color:#000000;' ><span class='hr-inner-style'><\/span><\/span><\/div>\n<section class=\"av_textblock_section \"  itemscope=\"itemscope\" itemtype=\"https:\/\/schema.org\/CreativeWork\" ><div class='avia_textblock  '   itemprop=\"text\" ><h1 style=\"text-align: center;\"><span style=\"font-size: 36pt;\"><strong>\u00bfPor qu\u00e9 escoger <span style=\"color: #1ad7f2;\">Sebastian, el Portal del Empleado<\/span>?<\/strong><\/span><\/h1>\n<\/div><\/section>\n<div class=\"flex_column av_one_third  flex_column_div first  avia-builder-el-13  el_after_av_textblock  el_before_av_one_third  column-top-margin\" ><section class=\"av_textblock_section \"  itemscope=\"itemscope\" itemtype=\"https:\/\/schema.org\/CreativeWork\" ><div class='avia_textblock  '   itemprop=\"text\" ><h3><span style=\"font-size: 18pt;\">Por su accesibilidad desde cualquier dispositivo<br \/>\n<\/span><\/h3>\n<p><span style=\"font-size: 14pt;\">Con<\/span> <span style=\"font-size: 14pt;\"><strong><span style=\"color: #1ad7f2;\">Sebastian<\/span><\/strong> podemos acceder a la informaci\u00f3n desde cualquier dispositivo, gracias a su tecnolog\u00eda web.<br \/>\n<\/span><\/p>\n<\/div><\/section><\/div><div class=\"flex_column av_one_third  flex_column_div   avia-builder-el-15  el_after_av_one_third  el_before_av_one_third  column-top-margin\" ><section class=\"av_textblock_section \"  itemscope=\"itemscope\" itemtype=\"https:\/\/schema.org\/CreativeWork\" ><div class='avia_textblock  '   itemprop=\"text\" ><h3><span style=\"font-size: 18pt;\">Por su formaci\u00f3n personalizada<br \/>\n<\/span><\/h3>\n<p><span style=\"font-size: 14pt;\">Gracias al dise\u00f1o intuitivo de<\/span> <span style=\"font-size: 14pt;\"><strong><span style=\"color: #1ad7f2;\">Sebastian<\/span><\/strong> resulta muy sencillo utilizarlo y ponerlo en marcha en toda la organizaci\u00f3n.<br \/>\n<\/span><\/p>\n<\/div><\/section><\/div><div class=\"flex_column av_one_third  flex_column_div   avia-builder-el-17  el_after_av_one_third  avia-builder-el-last  column-top-margin\" ><section class=\"av_textblock_section \"  itemscope=\"itemscope\" itemtype=\"https:\/\/schema.org\/CreativeWork\" ><div class='avia_textblock  '   itemprop=\"text\" ><h3><span style=\"font-size: 18pt;\">Por su mejora de la comunicaci\u00f3n interna<br \/>\n<\/span><\/h3>\n<p><span style=\"font-size: 14pt;\">Con<\/span> <span style=\"font-size: 14pt;\"><strong><span style=\"color: #1ad7f2;\">Sebastian<\/span><\/strong> obtenemos una mejor gesti\u00f3n del equipo, facilitamos la comunicaci\u00f3n entre el empleado y la organizaci\u00f3n e implicamos a todo el personal en la gesti\u00f3n de RRHH.<br \/>\n<\/span><\/p>\n<\/div><\/section><\/div><\/div><\/div><\/div><!-- close content main div --><\/div><\/div><div id='av_section_3'  class='avia-section main_color avia-section-no-padding avia-no-border-styling  avia-bg-style-scroll  avia-builder-el-19  el_after_av_section  el_before_av_textblock   av-arrow-down-section container_wrap sidebar_right' style=' '  ><div class='container' ><div class='template-page content  av-content-small alpha units'><div class='post-entry post-entry-type-page post-entry-829'><div class='entry-content-wrapper clearfix'>\n<section class=\"av_textblock_section \"  itemscope=\"itemscope\" itemtype=\"https:\/\/schema.org\/CreativeWork\" ><div class='avia_textblock  '   itemprop=\"text\" ><h1 style=\"text-align: center;\"><span style=\"font-size: 36pt;\"><strong><span style=\"color: #1ad5f2;\">Caracter\u00edsticas <\/span><br \/>\n<\/strong><\/span><\/h1>\n<\/div><\/section>\n<div  class='avia-icon-list-container   avia-builder-el-21  el_after_av_textblock  el_before_av_hr '><ul class='avia-icon-list avia-icon-list-left av-iconlist-big avia_animate_when_almost_visible avia-iconlist-animate'>\n<li><div  class='iconlist_icon  avia-font-entypo-fontello'><span class='iconlist-char ' aria-hidden='true' data-av_icon='\ue812' data-av_iconfont='entypo-fontello'><\/span><\/div><article class=\"article-icon-entry \"  itemscope=\"itemscope\" itemtype=\"https:\/\/schema.org\/CreativeWork\" ><div class='iconlist_content_wrap'><header class=\"entry-content-header\"><h4 class='av_iconlist_title iconlist_title   '  itemprop=\"headline\"  >Gestor de vacaciones y permisos<\/h4><\/header><div class='iconlist_content  '  itemprop=\"text\"  ><p><span style=\"font-size: 14pt;\"><strong><span style=\"color: #1ad7f2;\">Sebastian<\/span><\/strong> facilita una mayor organizaci\u00f3n del equipo, ya que, a golpe de vista, se pueden ver las vacaciones, permisos y ausencias de todo el equipo.<\/span><\/p>\n<\/div><\/div><footer class=\"entry-footer\"><\/footer><\/article><div class='iconlist-timeline'><\/div><\/li>\n<li><div  class='iconlist_icon  avia-font-entypo-fontello'><span class='iconlist-char ' aria-hidden='true' data-av_icon='\ue812' data-av_iconfont='entypo-fontello'><\/span><\/div><article class=\"article-icon-entry \"  itemscope=\"itemscope\" itemtype=\"https:\/\/schema.org\/CreativeWork\" ><div class='iconlist_content_wrap'><header class=\"entry-content-header\"><h4 class='av_iconlist_title iconlist_title   '  itemprop=\"headline\"  >Publicaci\u00f3n de organigrama<\/h4><\/header><div class='iconlist_content  '  itemprop=\"text\"  ><p><span style=\"font-size: 14pt;\">Con <span style=\"font-size: 14pt;\"><strong><span style=\"color: #1ad7f2;\">Sebastian<\/span><\/strong> ya no es necesario tener que enviar el organigrama cuando se produce un cambio, se puede actualizar directamente desde la plataforma, eliminando mails innecesarios.<\/span><\/p>\n<\/div><\/div><footer class=\"entry-footer\"><\/footer><\/article><div class='iconlist-timeline'><\/div><\/li>\n<li><div  class='iconlist_icon  avia-font-entypo-fontello'><span class='iconlist-char ' aria-hidden='true' data-av_icon='\ue812' data-av_iconfont='entypo-fontello'><\/span><\/div><article class=\"article-icon-entry \"  itemscope=\"itemscope\" itemtype=\"https:\/\/schema.org\/CreativeWork\" ><div class='iconlist_content_wrap'><header class=\"entry-content-header\"><h4 class='av_iconlist_title iconlist_title   '  itemprop=\"headline\"  >Gesti\u00f3n documental para cada \u00e1rea<\/h4><\/header><div class='iconlist_content  '  itemprop=\"text\"  ><p><span style=\"font-size: 14pt;\">Gracias a la secci\u00f3n de gesti\u00f3n documental, <span style=\"font-size: 14pt;\"><strong><span style=\"color: #1ad7f2;\">Sebastian<\/span><\/strong> permite estar informado de todos los procedimientos de la propia \u00e1rea y de la empresa. Cada \u00e1rea puede publicar informaci\u00f3n de inter\u00e9s para su departamento o pata toda la organizaci\u00f3n. De igual manera, tambi\u00e9n se puede publicar informaci\u00f3n solo para las \u00e1reas o usuarios que as\u00ed se consideren.<\/span><\/p>\n<\/div><\/div><footer class=\"entry-footer\"><\/footer><\/article><div class='iconlist-timeline'><\/div><\/li>\n<li><div  class='iconlist_icon  avia-font-entypo-fontello'><span class='iconlist-char ' aria-hidden='true' data-av_icon='\ue812' data-av_iconfont='entypo-fontello'><\/span><\/div><article class=\"article-icon-entry \"  itemscope=\"itemscope\" itemtype=\"https:\/\/schema.org\/CreativeWork\" ><div class='iconlist_content_wrap'><header class=\"entry-content-header\"><h4 class='av_iconlist_title iconlist_title   '  itemprop=\"headline\"  >Directorio de empleados<\/h4><\/header><div class='iconlist_content  '  itemprop=\"text\"  ><p><span style=\"font-size: 14pt;\">En <span style=\"font-size: 14pt;\"><strong><span style=\"color: #1ad7f2;\">Sebastian<\/span><\/strong> est\u00e1 habilitado una p\u00e1gina directorio donde se publican los datos de contacto de cada empleado.<\/span><\/p>\n<\/div><\/div><footer class=\"entry-footer\"><\/footer><\/article><div class='iconlist-timeline'><\/div><\/li>\n<li><div  class='iconlist_icon  avia-font-entypo-fontello'><span class='iconlist-char ' aria-hidden='true' data-av_icon='\ue812' data-av_iconfont='entypo-fontello'><\/span><\/div><article class=\"article-icon-entry \"  itemscope=\"itemscope\" itemtype=\"https:\/\/schema.org\/CreativeWork\" ><div class='iconlist_content_wrap'><header class=\"entry-content-header\"><h4 class='av_iconlist_title iconlist_title   '  itemprop=\"headline\"  >Cursos y formaciones<\/h4><\/header><div class='iconlist_content  '  itemprop=\"text\"  ><p><span style=\"font-size: 14pt;\">Desde <span style=\"font-size: 14pt;\"><strong><span style=\"color: #1ad7f2;\">Sebastian<\/span><\/strong> podemos informar sobre cursos y formaciones a los empleados y estos puedes inscribirse directamente en la plataforma.<\/span><\/p>\n<\/div><\/div><footer class=\"entry-footer\"><\/footer><\/article><div class='iconlist-timeline'><\/div><\/li>\n<li><div  class='iconlist_icon  avia-font-entypo-fontello'><span class='iconlist-char ' aria-hidden='true' data-av_icon='\ue812' data-av_iconfont='entypo-fontello'><\/span><\/div><article class=\"article-icon-entry \"  itemscope=\"itemscope\" itemtype=\"https:\/\/schema.org\/CreativeWork\" ><div class='iconlist_content_wrap'><header class=\"entry-content-header\"><h4 class='av_iconlist_title iconlist_title   '  itemprop=\"headline\"  >Zonas noticias<\/h4><\/header><div class='iconlist_content  '  itemprop=\"text\"  ><p><span style=\"font-size: 14pt;\">Esta zona admite la publicaci\u00f3n de noticias relacionadas con la empresa e informaci\u00f3n corporativa, tales como comunicados internos, boletines, nuevas incorporaciones, noticias&#8230;<\/span><\/p>\n<\/div><\/div><footer class=\"entry-footer\"><\/footer><\/article><div class='iconlist-timeline'><\/div><\/li>\n<li><div  class='iconlist_icon  avia-font-entypo-fontello'><span class='iconlist-char ' aria-hidden='true' data-av_icon='\ue812' data-av_iconfont='entypo-fontello'><\/span><\/div><article class=\"article-icon-entry \"  itemscope=\"itemscope\" itemtype=\"https:\/\/schema.org\/CreativeWork\" ><div class='iconlist_content_wrap'><header class=\"entry-content-header\"><h4 class='av_iconlist_title iconlist_title   '  itemprop=\"headline\"  >Zona \"Mi espacio\" para el empleado<\/h4><\/header><div class='iconlist_content  '  itemprop=\"text\"  ><p><span style=\"font-size: 14pt;\"> En un lugar habilitado para la informaci\u00f3n personal del empleado como las n\u00f3minas, resultados de evaluaciones de desempe\u00f1o, RGPD, CV y otros documentos de empresa. Los datos referentes al curr\u00edculum y otros datos de car\u00e1cter personal pueden ser actualizados por el propio empleado, evitando el tiempo que dedica RRHH a realizar estas tareas.<\/span><\/p>\n<\/div><\/div><footer class=\"entry-footer\"><\/footer><\/article><div class='iconlist-timeline'><\/div><\/li>\n<li><div  class='iconlist_icon  avia-font-entypo-fontello'><span class='iconlist-char ' aria-hidden='true' data-av_icon='\ue812' data-av_iconfont='entypo-fontello'><\/span><\/div><article class=\"article-icon-entry \"  itemscope=\"itemscope\" itemtype=\"https:\/\/schema.org\/CreativeWork\" ><div class='iconlist_content_wrap'><header class=\"entry-content-header\"><h4 class='av_iconlist_title iconlist_title   '  itemprop=\"headline\"  >Gesti\u00f3n y presentaci\u00f3n de gastos<\/h4><\/header><div class='iconlist_content  '  itemprop=\"text\"  ><p><span style=\"font-size: 14pt;\">Gestiona m\u00e1s f\u00e1cilmente los partes de gastos y adjunta todos los tickets y facturas en la herramienta para su contabilizaci\u00f3n.<br \/>\n<\/span><\/p>\n<\/div><\/div><footer class=\"entry-footer\"><\/footer><\/article><div class='iconlist-timeline'><\/div><\/li>\n<\/ul><\/div><\/span><\/span><\/span><\/span><\/p>\n<div  style=' margin-top:40px; margin-bottom:40px;'  class='hr hr-custom hr-center hr-icon-no   avia-builder-el-22  el_after_av_iconlist  el_before_av_textblock '><span class='hr-inner  inner-border-av-border-fat' style=' width:50px; border-color:#000000;' ><span class='hr-inner-style'><\/span><\/span><\/div>\n<section class=\"av_textblock_section \"  itemscope=\"itemscope\" itemtype=\"https:\/\/schema.org\/CreativeWork\" ><div class='avia_textblock  '   itemprop=\"text\" ><h1 style=\"text-align: center;\"><span style=\"font-size: 36pt;\"><strong><span style=\"color: #1ad5f2;\">Ventajas <\/span>de nuestro producto<br \/>\n<\/strong><\/span><\/h1>\n<\/div><\/section>\n<div class=\"flex_column av_one_third  flex_column_div first  avia-builder-el-24  el_after_av_textblock  el_before_av_one_third  column-top-margin\" ><section class=\"av_textblock_section \"  itemscope=\"itemscope\" itemtype=\"https:\/\/schema.org\/CreativeWork\" ><div class='avia_textblock  '   itemprop=\"text\" ><h3><span style=\"font-size: 18pt;\">Software operativo al instante<br \/>\n<\/span><\/h3>\n<p><span style=\"font-size: 14pt;\"><strong><span style=\"color: #1ad7f2;\"><span style=\"font-size: 14pt;\">Sebastian<\/span><\/span> <\/strong>no necesita instalaci\u00f3n, tan solo es necesario configurar los principales par\u00e1metros de la aplicaci\u00f3n para comenzar a utilizarlo al instante.<br \/>\n<\/span><\/p>\n<\/div><\/section><\/div><div class=\"flex_column av_one_third  flex_column_div   avia-builder-el-26  el_after_av_one_third  el_before_av_one_third  column-top-margin\" ><section class=\"av_textblock_section \"  itemscope=\"itemscope\" itemtype=\"https:\/\/schema.org\/CreativeWork\" ><div class='avia_textblock  '   itemprop=\"text\" ><h3><span style=\"font-size: 18pt;\">Mejora la comunicaci\u00f3n interna<br \/>\n<\/span><\/h3>\n<p><span style=\"font-size: 14pt;\">Al crear una \u00fanica herramienta donde se recoge toda la informaci\u00f3n de valor de la empresa, se facilita la comunicaci\u00f3n entre el empleado y la organizaci\u00f3n, aumentando la transparencia y creando flujos \u00e1giles de comunicaci\u00f3n.<br \/>\n<\/span><\/p>\n<\/div><\/section><\/div><div class=\"flex_column av_one_third  flex_column_div   avia-builder-el-28  el_after_av_one_third  avia-builder-el-last  column-top-margin\" ><section class=\"av_textblock_section \"  itemscope=\"itemscope\" itemtype=\"https:\/\/schema.org\/CreativeWork\" ><div class='avia_textblock  '   itemprop=\"text\" ><h3><span style=\"font-size: 18pt;\">Mayor autonom\u00eda para el empleado<br \/>\n<\/span><\/h3>\n<p><span style=\"font-size: 14pt;\"><strong><span style=\"color: #1ad7f2;\">Sebastian<\/span><\/strong> ofrece a los trabajadores la posibilidad de gestionar por ellos mismos las solicitudes de vacaciones, permisos y, adem\u00e1s, actualizar los datos con total trazabilidad y control.<br \/>\n<\/span><\/p>\n<\/div><\/section><\/div>\n<\/div><\/div><\/div><!-- close content main div --><\/div><div class='av-extra-border-element border-extra-arrow-down'><div class='av-extra-border-outer'><div class='av-extra-border-inner'  style='background-color:#ffffff;' ><\/div><\/div><\/div><\/div><div id='after_section_3'  class='main_color av_default_container_wrap container_wrap sidebar_right' style=' '  ><div class='container' ><div class='template-page content  av-content-small alpha units'><div class='post-entry post-entry-type-page post-entry-829'><div class='entry-content-wrapper clearfix'><\/p>\n<section class=\"av_textblock_section \"  itemscope=\"itemscope\" itemtype=\"https:\/\/schema.org\/CreativeWork\" ><div class='avia_textblock  '   itemprop=\"text\" ><h1 style=\"text-align: center;\"><span style=\"font-size: 36pt;\"><strong><span style=\"color: #1ad5f2;\">Contacta <\/span>con nosotros<br \/>\n<\/strong><\/span><\/h1>\n<\/div><\/section>\n<section class=\"av_textblock_section \"  itemscope=\"itemscope\" itemtype=\"https:\/\/schema.org\/CreativeWork\" ><div class='avia_textblock  '   itemprop=\"text\" >\n<div class=\"wpcf7 no-js\" id=\"wpcf7-f847-o1\" lang=\"es-ES\" dir=\"ltr\">\n<div class=\"screen-reader-response\"><p role=\"status\" aria-live=\"polite\" aria-atomic=\"true\"><\/p> <ul><\/ul><\/div>\n<form action=\"\/web\/wp-json\/wp\/v2\/pages\/829#wpcf7-f847-o1\" method=\"post\" class=\"wpcf7-form init\" aria-label=\"Formulario de contacto\" novalidate=\"novalidate\" data-status=\"init\">\n<div style=\"display: none;\">\n<input type=\"hidden\" name=\"_wpcf7\" value=\"847\" \/>\n<input type=\"hidden\" name=\"_wpcf7_version\" value=\"5.9.6\" \/>\n<input type=\"hidden\" name=\"_wpcf7_locale\" value=\"es_ES\" \/>\n<input type=\"hidden\" name=\"_wpcf7_unit_tag\" value=\"wpcf7-f847-o1\" \/>\n<input type=\"hidden\" name=\"_wpcf7_container_post\" value=\"0\" \/>\n<input type=\"hidden\" name=\"_wpcf7_posted_data_hash\" value=\"\" \/>\n<input type=\"hidden\" name=\"_wpcf7_recaptcha_response\" value=\"\" \/>\n<\/div>\n<p><label> Tu nombre<br \/>\n<span class=\"wpcf7-form-control-wrap\" data-name=\"your-name\"><input size=\"40\" maxlength=\"80\" class=\"wpcf7-form-control wpcf7-text wpcf7-validates-as-required\" aria-required=\"true\" aria-invalid=\"false\" value=\"\" type=\"text\" name=\"your-name\" \/><\/span> <\/label>\n<\/p>\n<p><label> Tu correo electr\u00f3nico<br \/>\n<span class=\"wpcf7-form-control-wrap\" data-name=\"your-email\"><input size=\"40\" maxlength=\"80\" class=\"wpcf7-form-control wpcf7-email wpcf7-validates-as-required wpcf7-text wpcf7-validates-as-email\" aria-required=\"true\" aria-invalid=\"false\" value=\"\" type=\"email\" name=\"your-email\" \/><\/span> <\/label>\n<\/p>\n<p><label> Asunto<br \/>\n<span class=\"wpcf7-form-control-wrap\" data-name=\"your-subject\"><input size=\"40\" maxlength=\"80\" class=\"wpcf7-form-control wpcf7-text wpcf7-validates-as-required\" aria-required=\"true\" aria-invalid=\"false\" value=\"\" type=\"text\" name=\"your-subject\" \/><\/span> <\/label>\n<\/p>\n<p><label> Tu mensaje (opcional)<br \/>\n<span class=\"wpcf7-form-control-wrap\" data-name=\"your-message\"><textarea cols=\"40\" rows=\"10\" maxlength=\"400\" class=\"wpcf7-form-control wpcf7-textarea\" aria-invalid=\"false\" name=\"your-message\"><\/textarea><\/span> <\/label>\n<\/p>\n<p><input class=\"wpcf7-form-control wpcf7-submit has-spinner\" type=\"submit\" value=\"Enviar\" \/>\n<\/p>\n<p><span class=\"wpcf7-form-control-wrap\" data-name=\"acceptance-30\"><span class=\"wpcf7-form-control wpcf7-acceptance\"><span class=\"wpcf7-list-item\"><input type=\"checkbox\" name=\"acceptance-30\" value=\"1\" aria-invalid=\"false\" \/><\/span><\/span><\/span> He le\u00eddo y acepto la <a href=\"https:\/\/www.cds-soft.es\/web\/politica-de-privacidad-y-proteccion-de-datos\/\">Pol\u00edtica de Privacidad<\/a><br \/>\n<span class=\"wpcf7-form-control-wrap\" data-name=\"acceptance-140\"><span class=\"wpcf7-form-control wpcf7-acceptance optional\"><span class=\"wpcf7-list-item\"><input type=\"checkbox\" name=\"acceptance-140\" value=\"1\" aria-invalid=\"false\" \/><\/span><\/span><\/span> Acepto recibir la informaci\u00f3n comercial que CDS SOFT considere oportuno enviarme por correo electr\u00f3nico. (Es posible darse de baja en cualquier momento)<br \/>\n<b>Protecci\u00f3n de datos<\/b><br \/>\nEl responsable del tratamiento es CDS SOFT. La finalidad de la recogida de datos es la de poder atender sus cuestiones, sin ceder sus datos a terceros. Tiene derecho a saber qu\u00e9 informaci\u00f3n tenemos sobre usted, corregirla o eliminarla tal y como se explica en nuestra <a href=\"https:\/\/www.cds-soft.es\/web\/politica-de-privacidad-y-proteccion-de-datos\/\">Pol\u00edtica de Privacidad<\/a>.\n<\/p><p style=\"display: none !important;\" class=\"akismet-fields-container\" data-prefix=\"_wpcf7_ak_\"><label>&#916;<textarea name=\"_wpcf7_ak_hp_textarea\" cols=\"45\" rows=\"8\" maxlength=\"100\"><\/textarea><\/label><input type=\"hidden\" id=\"ak_js_1\" name=\"_wpcf7_ak_js\" value=\"147\"\/><script>document.getElementById( \"ak_js_1\" ).setAttribute( \"value\", ( new Date() ).getTime() );<\/script><\/p><div class=\"wpcf7-response-output\" aria-hidden=\"true\"><\/div>\n<\/form>\n<\/div>\n\n<\/div><\/section>\n","protected":false},"excerpt":{"rendered":"","protected":false},"author":1,"featured_media":0,"parent":557,"menu_order":0,"comment_status":"open","ping_status":"open","template":"","meta":{"footnotes":""},"class_list":["post-829","page","type-page","status-publish","hentry"],"_links":{"self":[{"href":"https:\/\/www.cds-soft.es\/web\/wp-json\/wp\/v2\/pages\/829","targetHints":{"allow":["GET"]}}],"collection":[{"href":"https:\/\/www.cds-soft.es\/web\/wp-json\/wp\/v2\/pages"}],"about":[{"href":"https:\/\/www.cds-soft.es\/web\/wp-json\/wp\/v2\/types\/page"}],"author":[{"embeddable":true,"href":"https:\/\/www.cds-soft.es\/web\/wp-json\/wp\/v2\/users\/1"}],"replies":[{"embeddable":true,"href":"https:\/\/www.cds-soft.es\/web\/wp-json\/wp\/v2\/comments?post=829"}],"version-history":[{"count":15,"href":"https:\/\/www.cds-soft.es\/web\/wp-json\/wp\/v2\/pages\/829\/revisions"}],"predecessor-version":[{"id":1246,"href":"https:\/\/www.cds-soft.es\/web\/wp-json\/wp\/v2\/pages\/829\/revisions\/1246"}],"up":[{"embeddable":true,"href":"https:\/\/www.cds-soft.es\/web\/wp-json\/wp\/v2\/pages\/557"}],"wp:attachment":[{"href":"https:\/\/www.cds-soft.es\/web\/wp-json\/wp\/v2\/media?parent=829"}],"curies":[{"name":"wp","href":"https:\/\/api.w.org\/{rel}","templated":true}]}}